{"id":42,"date":"2017-06-13T09:26:11","date_gmt":"2017-06-13T07:26:11","guid":{"rendered":"http:\/\/mckomptech.nazwa.pl\/sp-gozdowo-eu\/?page_id=42"},"modified":"2025-09-25T17:15:05","modified_gmt":"2025-09-25T15:15:05","slug":"pomoc-psycholog-pedagogiczna","status":"publish","type":"page","link":"http:\/\/sp.gozdowo.eu\/?page_id=42","title":{"rendered":"Pomoc psycholog.-pedagogiczna"},"content":{"rendered":"<p style=\"text-align: center;\"><span style=\"color: #00ff00;\"><strong>POMOC PSYCHOLOGICZNO \u2013 PEDAGOGICZNA<br \/>\nREALIZOWANA W SZKOLE PODSTAWOWEJ W GOZDOWIE<\/strong><\/span><\/p>\n<p style=\"text-align: center;\"><strong>W roku szkolnym 2025\/26 z zakresu pomocy psychologiczno \u2013 pedagogicznej b\u0119d\u0105 realizowane\u00a0 nast\u0119puj\u0105ce\u00a0 zaj\u0119cia:<\/strong><\/p>\n<ol>\n<li>Zaj\u0119cia dydaktyczno &#8211; wyr\u00f3wnawcze &#8211; 8 godz.<\/li>\n<li>Zaj\u0119cia rozwijaj\u0105ce \u2013 5 godz.<\/li>\n<li>Zaj\u0119cia logopedyczne &#8211; 5 godz.<\/li>\n<li>Gimnastyka korekcyjna \u2013 1 godz.<\/li>\n<li>Pedagog szkolny, zaj\u0119cia korekcyjno-kompensacyjne \u2013 16 godz.<\/li>\n<li>Pedagog specjalny \u2013 16 godz.<\/li>\n<li>Psycholog \u2013 17 godz.<\/li>\n<li>Zaj\u0119cia wyr\u00f3wnawcze i rozwijaj\u0105ce realizowane z inicjatywy nauczyciela<\/li>\n<\/ol>\n<table>\n<tbody>\n<tr>\n<td width=\"53\">\n<p style=\"text-align: center;\"><strong>L.p.<\/strong><\/p>\n<\/td>\n<td style=\"text-align: center;\" width=\"322\"><strong>Imi\u0119 i nazwisko nauczyciela<\/strong><\/td>\n<td style=\"text-align: center;\" width=\"188\"><strong>Rodzaj zaj\u0119\u0107<\/strong><\/td>\n<td width=\"193\">\n<p style=\"text-align: center;\"><strong>Termin realizacji<\/strong><\/p>\n<\/td>\n<\/tr>\n<tr>\n<td width=\"53\">1.<\/td>\n<td width=\"322\">Beata \u015awierczewska<\/td>\n<td width=\"188\">Ko\u0142o taneczne<\/td>\n<td width=\"193\">Poniedzia\u0142ek<br \/>\n11.50 \u2013 12.35<\/td>\n<\/tr>\n<tr>\n<td width=\"53\">2.<\/td>\n<td width=\"322\">Beata \u015awierczewska<\/td>\n<td width=\"188\">Ko\u0142o ekologiczne<\/td>\n<td width=\"193\">Poniedzia\u0142ek<br \/>\n12.50 \u2013 13.35<\/td>\n<\/tr>\n<tr>\n<td width=\"53\">3.<\/td>\n<td width=\"322\">Beata \u015awierczewska<\/td>\n<td width=\"188\">Zaj\u0119cia wyr\u00f3wnawcze<\/td>\n<td width=\"193\">Wtorek<br \/>\n11.50 \u2013 12.35<\/td>\n<\/tr>\n<tr>\n<td width=\"53\">4.<\/td>\n<td width=\"322\">Agnieszka Biernacka<\/td>\n<td width=\"188\">Ko\u0142o taneczne<\/td>\n<td width=\"193\">Poniedzia\u0142ek<br \/>\n11.50 \u2013 12.35<\/td>\n<\/tr>\n<tr>\n<td width=\"53\">5.<\/td>\n<td width=\"322\">Agnieszka Biernacka<\/td>\n<td width=\"188\">Zaj\u0119cia wyr\u00f3wnawcze<\/td>\n<td width=\"193\">\u015aroda 12.50 \u2013 13.35<\/td>\n<\/tr>\n<tr>\n<td width=\"53\">6.<\/td>\n<td width=\"322\">Katarzyna Bielicka<\/td>\n<td width=\"188\">Zaj\u0119cia wyr\u00f3wnawcze<\/td>\n<td width=\"193\">\u015aroda\u00a013.40 \u2013 14.25<\/td>\n<\/tr>\n<tr>\n<td width=\"53\">7.<\/td>\n<td width=\"322\">Ma\u0142gorzata Ochoci\u0144ska<\/td>\n<td width=\"188\">Ko\u0142o mi\u0142o\u015bnik\u00f3w Ksi\u0105\u017cki<\/td>\n<td width=\"193\">\u015aroda\u00a013.30 \u2013 14.25<\/td>\n<\/tr>\n<tr>\n<td width=\"53\">8.<\/td>\n<td width=\"322\">Ma\u0142gorzata Ochoci\u0144ska<\/td>\n<td width=\"188\">Ko\u0142o Papieroplastyczne<\/td>\n<td width=\"193\">\u015aroda 13.30 \u2013 14.25<\/td>\n<\/tr>\n<tr>\n<td width=\"53\">9.<\/td>\n<td width=\"322\">Mariola Wasio\u0142ek<\/td>\n<td width=\"188\">Ko\u0142o Biblijne<\/td>\n<td width=\"193\">Wtorek\u00a013.40 -14.25<\/td>\n<\/tr>\n<tr>\n<td width=\"53\">10.<\/td>\n<td width=\"322\">Piotr Lemanowicz<\/td>\n<td width=\"188\">Gimnastyka korekcyjna<\/td>\n<td width=\"193\">Czwartek\u00a011.50 \u2013 12.35<\/td>\n<\/tr>\n<tr>\n<td width=\"53\">11.<\/td>\n<td width=\"322\">Joanna Za\u0142\u0119gowska<\/td>\n<td width=\"188\">Zaj\u0119cia wyr\u00f3wnawcze<\/td>\n<td width=\"193\">Pi\u0105tek\u00a012.50 \u2013 13.35<\/td>\n<\/tr>\n<tr>\n<td width=\"53\">12.<\/td>\n<td width=\"322\">Iwona Paw\u0142owska<\/td>\n<td width=\"188\">logopedyczne<\/td>\n<td width=\"193\">\u015aroda\u00a011.50 \u2013 12.35<\/p>\n<p>Czwartek\u00a011.50 \u2013 12.35<\/p>\n<p>Pi\u0105tek\u00a011.50 \u2013 12.35<\/td>\n<\/tr>\n<tr>\n<td width=\"53\">13.<\/td>\n<td width=\"322\">Anna D\u0105browska<\/td>\n<td width=\"188\">Zaj\u0119cia wyr\u00f3wnawcze Va<\/td>\n<td width=\"193\">Wtorek\u00a012.50 \u2013 13.35<\/td>\n<\/tr>\n<tr>\n<td width=\"53\">14.<\/td>\n<td width=\"322\">Anna D\u0105browska<\/td>\n<td width=\"188\">Zaj\u0119cia rozwijaj\u0105ce przygotowuj\u0105ce do egzaminu VIIIa<\/td>\n<td width=\"193\">13.40 \u2013 14.25<\/td>\n<\/tr>\n<tr>\n<td width=\"53\">15.<\/td>\n<td width=\"322\">Anna Zdziarska<\/td>\n<td width=\"188\">Zaj\u0119cia wyr\u00f3wnawcze\u00a0Vb<\/td>\n<td width=\"193\">\u015aroda\u00a013.40 \u2013 14.25<\/td>\n<\/tr>\n<tr>\n<td width=\"53\">16.<\/td>\n<td width=\"322\">Barbara Gapi\u0144ska<\/td>\n<td width=\"188\">Zaj\u0119cia wyr\u00f3wnawcze VIb<\/td>\n<td width=\"193\">Pi\u0105tek\u00a012.50 \u2013 13.35<\/td>\n<\/tr>\n<tr>\n<td width=\"53\">18.<\/td>\n<td width=\"322\">Ma\u0142gorzata Dobrowolska<\/td>\n<td width=\"188\">Szkolne Ko\u0142o Szachowe<\/td>\n<td width=\"193\">Wtorek\u00a012.40 \u2013 14.25<\/td>\n<\/tr>\n<tr>\n<td width=\"53\">19.<\/td>\n<td width=\"322\">Monika Marciniak<\/td>\n<td width=\"188\">Zaj\u0119cia wyr\u00f3wnawcze\u00a0VIIIb<\/td>\n<td width=\"193\">Czwartek\u00a013.40 \u2013 14.25<\/td>\n<\/tr>\n<tr>\n<td width=\"53\">21.<\/td>\n<td width=\"322\">Dorota Lewandowska<\/td>\n<td width=\"188\">Zaj\u0119cia wyr\u00f3wnawcze<\/p>\n<p>&nbsp;<\/p>\n<p>Zaj\u0119cia logopedyczne<\/td>\n<td width=\"193\">Wtorek\u00a012.50 \u2013 13.35<\/p>\n<p>Poniedzia\u0142ek<br \/>\n12.50 \u2013 13.35<\/p>\n<p>Pi\u0105tek\u00a012.50 \u2013 13.35<\/td>\n<\/tr>\n<tr>\n<td width=\"53\">22.<\/td>\n<td width=\"322\">Joanna Ludwicka<\/td>\n<td width=\"188\">Zaj\u0119cia wyr\u00f3wnawcze<\/td>\n<td width=\"193\">\u015aroda\u00a013.40 \u2013 14.25<\/td>\n<\/tr>\n<tr>\n<td width=\"53\">23.<\/td>\n<td width=\"322\">Krzysztof Wojtas<\/td>\n<td width=\"188\">Zaj\u0119cia wokalne<\/p>\n<p>Obr\u00f3bka zdj\u0119\u0107, film\u00f3w<\/p>\n<p>&nbsp;<\/p>\n<p>Robotyka<\/p>\n<p>&nbsp;<\/td>\n<td width=\"193\">Wtorek\u00a012.50 \u2013 13.35<\/p>\n<p>Wtorek\u00a013.40 \u2013 14.25<\/p>\n<p>Poniedzia\u0142ek<br \/>\n12.50 \u2013 13.35<br \/>\n13.40 \u2013 14.25<\/td>\n<\/tr>\n<tr>\n<td width=\"53\">24.<\/td>\n<td width=\"322\">Micha\u0142 Jankowski<\/td>\n<td width=\"188\">Pi\u0142ka r\u0119czna<\/td>\n<td width=\"193\">\u015aroda\u00a08.00\u2013 8.45<\/td>\n<\/tr>\n<\/tbody>\n<\/table>\n<p style=\"text-align: center;\"><span style=\"color: #0000ff;\"><strong>GODZINY\u00a0\u00a0 PRACY\u00a0\u00a0\u00a0 PEDAGOGA\u00a0\u00a0 SZKOLNEGO<br \/>\n<\/strong><em>&#8211; mgr Katarzyna Borowska<\/em><strong><br \/>\n<\/strong><em>GABINET PEDAGOGA \u2013 SALA NR 5<\/em><\/span><\/p>\n<table>\n<tbody>\n<tr>\n<td width=\"272\">\n<p style=\"text-align: center;\"><strong><em>Poniedzia\u0142ek<\/em><\/strong><\/p>\n<\/td>\n<td width=\"319\">\n<p style=\"text-align: center;\"><strong><em>8.45-10.30<br \/>\n11.50-14.30<\/em><\/strong><\/p>\n<\/td>\n<\/tr>\n<tr>\n<td width=\"272\">\n<p style=\"text-align: center;\"><strong><em>Wtorek<\/em><\/strong><\/p>\n<\/td>\n<td width=\"319\">\n<p style=\"text-align: center;\"><strong><em>8.50 \u2013 9.35<br \/>\n10.45-11.30<\/em><\/strong><\/p>\n<\/td>\n<\/tr>\n<tr>\n<td width=\"272\">\n<p style=\"text-align: center;\"><strong><em>\u015aroda<\/em><\/strong><\/p>\n<\/td>\n<td width=\"319\">\n<p style=\"text-align: center;\"><strong><em>8.50 \u2013 14.25<\/em><\/strong><\/p>\n<\/td>\n<\/tr>\n<tr>\n<td width=\"272\">\n<p style=\"text-align: center;\"><strong><em>Czwartek<\/em><\/strong><\/p>\n<\/td>\n<td width=\"319\">\n<p style=\"text-align: center;\"><strong><em>10.45-11.30<br \/>\n13.40-15.15<\/em><\/strong><\/p>\n<\/td>\n<\/tr>\n<tr>\n<td width=\"272\">\n<p style=\"text-align: center;\"><strong><em>\u00a0Pi\u0105tek <\/em><\/strong><\/p>\n<\/td>\n<td width=\"319\">\n<p style=\"text-align: center;\"><strong><em>10.45-11.30<br \/>\n12.50-14.30<\/em><\/strong><\/p>\n<\/td>\n<\/tr>\n<\/tbody>\n<\/table>\n<p>&nbsp;<\/p>\n<p style=\"text-align: left;\"><span style=\"color: #0000ff;\"><strong><em>\u00a0<\/em><\/strong><\/span><\/p>\n<p style=\"text-align: center;\"><span style=\"color: #0000ff;\"><strong>GODZINY\u00a0\u00a0 PRACY\u00a0\u00a0\u00a0 PEDAGOGA\u00a0\u00a0 SZKOLNEGO<br \/>\n<\/strong><em>&#8211; mgr Marzena Jarczewska<\/em><strong><br \/>\n<\/strong><em>GABINET PEDAGOGA \u2013 SALA NR 15<\/em><\/span><\/p>\n<table>\n<tbody>\n<tr>\n<td width=\"272\">\n<p style=\"text-align: center;\"><strong><em>Poniedzia\u0142ek<\/em><\/strong><\/p>\n<\/td>\n<td width=\"319\">\n<p style=\"text-align: center;\"><strong><em>9.45-10.30<br \/>\n11.50-12.35<\/em><\/strong><\/p>\n<\/td>\n<\/tr>\n<tr>\n<td width=\"272\">\n<p style=\"text-align: center;\"><strong><em>Wtorek<\/em><\/strong><\/p>\n<\/td>\n<td width=\"319\">\n<p style=\"text-align: center;\"><strong><em>11.50 &#8211; 14.25<\/em><\/strong><\/p>\n<\/td>\n<\/tr>\n<tr>\n<td width=\"272\">\n<p style=\"text-align: center;\"><strong><em>\u015aroda<\/em><\/strong><\/p>\n<\/td>\n<td width=\"319\">\n<p style=\"text-align: center;\"><strong><em>9.45-10.30<br \/>\n11.50- 14.05<\/em><\/strong><\/p>\n<\/td>\n<\/tr>\n<tr>\n<td width=\"272\">\n<p style=\"text-align: center;\"><strong><em>Czwartek<\/em><\/strong><\/p>\n<\/td>\n<td width=\"319\">\n<p style=\"text-align: center;\"><strong><em>8.50-10.30<br \/>\n12.50-14.30<\/em><\/strong><\/p>\n<\/td>\n<\/tr>\n<tr>\n<td width=\"272\">\n<p style=\"text-align: center;\"><strong><em>Pi\u0105tek<\/em><\/strong><\/p>\n<\/td>\n<td width=\"319\">\n<p style=\"text-align: center;\"><strong><em>8.00 \u2013 13.35<\/em><\/strong><\/p>\n<\/td>\n<\/tr>\n<\/tbody>\n<\/table>\n<p>&nbsp;<\/p>\n<p style=\"text-align: left;\"><span style=\"color: #0000ff;\"><strong><em>\u00a0<\/em><\/strong><\/span><\/p>\n<p style=\"text-align: center;\"><span style=\"color: #0000ff;\"><strong>GODZINY\u00a0\u00a0 PRACY\u00a0\u00a0\u00a0PSYCHOLOGA \u00a0\u00a0 SZKOLNEGO<br \/>\n&#8211;<\/strong> mgr Anna Jarzy\u0144ska<\/span><br \/>\n<span style=\"color: #0000ff;\"><em>GABINET PSYCHOLOGA \u2013 SALA NR 4<\/em><em>\u00a0<\/em><\/span><\/p>\n<table>\n<tbody>\n<tr>\n<td width=\"307\">\n<p style=\"text-align: center;\"><strong>Poniedzia\u0142ek<\/strong><\/p>\n<\/td>\n<td width=\"319\">\n<p style=\"text-align: center;\"><strong>9.35 \u2013 12.35<br \/>\n13.40 \u2013 14.30<\/strong><\/p>\n<\/td>\n<\/tr>\n<tr>\n<td width=\"307\">\n<p style=\"text-align: center;\"><strong>Wtorek<\/strong><\/p>\n<\/td>\n<td width=\"319\">\n<p style=\"text-align: center;\"><strong>10.45 \u2013 12.35<br \/>\n13.40 \u2013 14.30<\/strong><\/p>\n<\/td>\n<\/tr>\n<tr>\n<td width=\"307\">\n<p style=\"text-align: center;\"><strong>\u015aroda<\/strong><\/p>\n<\/td>\n<td width=\"319\">\n<p style=\"text-align: center;\"><strong>8.50 \u2013 11.30<\/strong><\/p>\n<\/td>\n<\/tr>\n<tr>\n<td width=\"307\">\n<p style=\"text-align: center;\"><strong>Czwartek\u00a0 <\/strong><\/p>\n<\/td>\n<td width=\"319\">\n<p style=\"text-align: center;\"><strong>8.00 \u2013 10.30<br \/>\n11.50 \u2013 15.30<\/strong><\/p>\n<\/td>\n<\/tr>\n<tr>\n<td style=\"text-align: center;\" width=\"307\"><strong>Pi\u0105tek<\/strong><\/td>\n<td width=\"319\">\n<p style=\"text-align: center;\"><strong>12.50 \u2013 14.30<\/strong><\/p>\n<\/td>\n<\/tr>\n<\/tbody>\n<\/table>\n<p style=\"text-align: center;\"><span style=\"color: #ff0000;\"><strong>Telefon zaufania Rzecznika Praw Dziecka &#8211;<\/strong> <strong>800\u00a012\u00a012\u00a012<\/strong><\/span><br \/>\nbezp\u0142atny numer, pod kt\u00f3rym dzieci i m\u0142odzie\u017c mog\u0105 otrzyma\u0107 wsparcie psychologiczne<\/p>\n<p><strong>Poradnia Psychologiczno-Pedagogiczna Sierpc<\/strong><em><br \/>\n<\/em><em>ul. Armii Krajowej 8B<\/em> <em>tel. 24\u00a0275\u00a029\u00a094<br \/>\nPsycholog Jolanta Ludwiczak<\/em><em><br \/>\n<\/em><em><strong>Rodzice maj\u0105cy problemy wychowawcze z dzie\u0107mi\u00a0mog\u0105 korzysta\u0107 z pomocy specjalist\u00f3w:<\/strong><\/em><em><br \/>\n<\/em><em>Centrum Pomocy Rodzinie<\/em> <em>Sierpc,\u00a0ul. \u015awi\u0119tokrzyska 2A<\/em> <em>tel. 24\u00a0275\u00a076\u00a060<\/em><em><br \/>\n<\/em><em>Poradnia Psychologiczno-Pedagogiczna dla Dzieci ze Specjalnymi Potrzebami Edukacyjnymi<\/em> <em>P\u0142ock,\u00a0ul. 21 Stycznia 7<\/em> <em>tel.\u00a0 24\u00a0367\u00a023\u00a022<\/em><em><br \/>\n<\/em><em>Poradnia Zdrowia Psychicznego dla dzieci i m\u0142odzie\u017cy\u00a0NZOZ Saba<\/em> <em>P\u0142ock,<\/em><em><br \/>\n<\/em><em>ul. Kobyli\u0144skiego 14<\/em> <em>tel. 24\u00a0263\u00a023\u00a079<\/em><em><br \/>\n<\/em><em>Niepubliczna Poradnia Psychologiczno-Pedagogiczna \u201eMetanoia\u201d<\/em> <em>P\u0142ock,\u00a0ul. Kobyli\u0144skiego 21a<\/em> <em>tel. 24\u00a0268\u00a066\u00a081<\/em> <em>Polski Czerwony Krzy\u017c<\/em> <em>Sierpc,\u00a0ul. \u015awi\u0119tokrzyska 2A<\/em><\/p>\n<p style=\"text-align: center;\">\n","protected":false},"excerpt":{"rendered":"<p>POMOC PSYCHOLOGICZNO \u2013 PEDAGOGICZNA REALIZOWANA W SZKOLE PODSTAWOWEJ W GOZDOWIE W roku szkolnym 2025\/26 z zakresu pomocy psychologiczno \u2013 pedagogicznej b\u0119d\u0105 realizowane\u00a0 nast\u0119puj\u0105ce\u00a0 zaj\u0119cia: Zaj\u0119cia dydaktyczno &#8211; wyr\u00f3wnawcze &#8211; 8 godz. Zaj\u0119cia rozwijaj\u0105ce \u2013&#46;&#46;&#46;<\/p>\n","protected":false},"author":1,"featured_media":0,"parent":0,"menu_order":0,"comment_status":"closed","ping_status":"closed","template":"","meta":{"footnotes":""},"class_list":["post-42","page","type-page","status-publish","hentry"],"_links":{"self":[{"href":"http:\/\/sp.gozdowo.eu\/index.php?rest_route=\/wp\/v2\/pages\/42","targetHints":{"allow":["GET"]}}],"collection":[{"href":"http:\/\/sp.gozdowo.eu\/index.php?rest_route=\/wp\/v2\/pages"}],"about":[{"href":"http:\/\/sp.gozdowo.eu\/index.php?rest_route=\/wp\/v2\/types\/page"}],"author":[{"embeddable":true,"href":"http:\/\/sp.gozdowo.eu\/index.php?rest_route=\/wp\/v2\/users\/1"}],"replies":[{"embeddable":true,"href":"http:\/\/sp.gozdowo.eu\/index.php?rest_route=%2Fwp%2Fv2%2Fcomments&post=42"}],"version-history":[{"count":56,"href":"http:\/\/sp.gozdowo.eu\/index.php?rest_route=\/wp\/v2\/pages\/42\/revisions"}],"predecessor-version":[{"id":20337,"href":"http:\/\/sp.gozdowo.eu\/index.php?rest_route=\/wp\/v2\/pages\/42\/revisions\/20337"}],"wp:attachment":[{"href":"http:\/\/sp.gozdowo.eu\/index.php?rest_route=%2Fwp%2Fv2%2Fmedia&parent=42"}],"curies":[{"name":"wp","href":"https:\/\/api.w.org\/{rel}","templated":true}]}}